{"id":921,"date":"2020-03-04T19:35:48","date_gmt":"2020-03-04T18:35:48","guid":{"rendered":"http:\/\/bibliotecas.unileon.es\/ciencias-biologicas-ambientales\/?page_id=921"},"modified":"2021-11-10T15:07:45","modified_gmt":"2021-11-10T14:07:45","slug":"nuestros-libros-electronicos","status":"publish","type":"page","link":"https:\/\/bibliotecas.unileon.es\/ciencias-biologicas-ambientales\/nuestros-libros-electronicos\/","title":{"rendered":"Nuestros libros electr\u00f3nicos"},"content":{"rendered":"<p>Puedes descargar tambi\u00e9n este listado en\u00a0 <a href=\"https:\/\/bibliotecas.unileon.es\/ciencias-biologicas-ambientales\/files\/2020\/06\/Listado-ebooks-Biolog\u00eda-Final.junio-2020-Revisado.pdf\" class=\"mtli_attachment mtli_pdf\" target=\"_blank\" rel=\"noopener noreferrer\">PDF<\/a><\/p>\n<p>Instrucciones de acceso a las plataformas de ebooks y tutoriales en formato\u00a0 <a href=\"https:\/\/bibliotecas.unileon.es\/ciencias-biologicas-ambientales\/files\/2021\/11\/Tutoriales-plataformas-e-books-Sep-2021-3.pdf\" class=\"mtli_attachment mtli_pdf\" target=\"_blank\" rel=\"noopener\">PDF<\/a><\/p>\n<h2 style=\"text-align: center;\"><span style=\"color: #000000;\"><strong><u>Biolog\u00eda y Medio Ambiente<\/u><\/strong><\/span><\/h2>\n<ul>\n<li><a href=\"https:\/\/catoute.unileon.es\/permalink\/34BUC_ULE\/7b676\/alma991005615739705772\" target=\"_blank\" rel=\"noopener noreferrer\">Agenda de campo de suelos : informacio\u0301n de suelos para la agricultura y el medio ambiente<\/a><strong> \/ Jaime Porta Casanellas, Marta Lo\u0301pez-Acevedo Regueri\u0301n\u00a0 <\/strong><\/li>\n<li><a href=\"https:\/\/catoute.unileon.es\/permalink\/34BUC_ULE\/1ekdeev\/alma991003388899705772\" target=\"_blank\" rel=\"noopener noreferrer\">Biolog\u00eda<\/a> <strong>\/ Eldra<\/strong> <strong> Solomon.<\/strong><\/li>\n<li><a href=\"https:\/\/buc-ule.primo.exlibrisgroup.com\/permalink\/34BUC_ULE\/4pbkoc\/alma991007697539705772\" target=\"_blank\" rel=\"noopener noreferrer\">Biolog\u00eda<\/a><strong> \/ Scott Freeman.<\/strong><\/li>\n<li><a href=\"https:\/\/buc-ule.primo.exlibrisgroup.com\/permalink\/34BUC_ULE\/4pbkoc\/alma991004261529705772\" target=\"_blank\" rel=\"noopener noreferrer\">Biolog\u00eda<\/a><strong> \/ Silvia S. Mader.<\/strong><\/li>\n<li><a href=\"https:\/\/catoute.unileon.es\/permalink\/34BUC_ULE\/7b676\/alma991005167189705772\" target=\"_blank\" rel=\"noopener noreferrer\">Centrales de energi\u0301as renovables : generacio\u0301n ele\u0301ctrica con energi\u0301as renovables<\/a><strong> \/ Jos\u00e9 Antonio Carta Gonza\u0301lez\u00a0 <\/strong><\/li>\n<li><a href=\"https:\/\/catoute.unileon.es\/permalink\/34BUC_ULE\/7b676\/alma991005269139705772\" target=\"_blank\" rel=\"noopener noreferrer\">Centrales de energi\u0301as renovables : generacio\u0301n ele\u0301ctrica con energi\u0301as renovables<\/a><strong> (2\u00aaed.) \/ Jos\u00e9 Antonio Carta Gonza\u0301lez \u00a0<\/strong><\/li>\n<li><a href=\"https:\/\/buc-ule.primo.exlibrisgroup.com\/permalink\/34BUC_ULE\/4pbkoc\/alma991006110969705772\" target=\"_blank\" rel=\"noopener noreferrer\">Ciencia ambiental : un estudio de interrelaciones<\/a><strong> \/ Eldon D. Enger, Bradley F. Smith.<\/strong><\/li>\n<li><a href=\"https:\/\/buc-ule.primo.exlibrisgroup.com\/permalink\/34BUC_ULE\/4pbkoc\/alma991004551789705772\" target=\"_blank\" rel=\"noopener noreferrer\">Curtis Biolog\u00eda<\/a><strong> \/ Helena Curtis.<\/strong><\/li>\n<li><a href=\"https:\/\/catoute.unileon.es\/permalink\/34BUC_ULE\/fj2rcr\/alma991004984049705772\" target=\"_blank\" rel=\"noopener noreferrer\">Derecho ambiental administrativo<\/a><strong> \/ Blanco Lozano Cutanda.<\/strong><\/li>\n<li><a href=\"https:\/\/catoute.unileon.es\/permalink\/34BUC_ULE\/7b676\/alma991007331439705772\" target=\"_blank\" rel=\"noopener noreferrer\">Edafologi\u0301a para la agricultura y el medio ambiente<\/a><strong> \/ Jaime Porta Casanellas, Marta Lo\u0301pez-Acevedo Regueri\u0301n, Carlos Roquero de Laburu\u00a0 <\/strong><\/li>\n<li><a href=\"https:\/\/catoute.unileon.es\/permalink\/34BUC_ULE\/7b676\/alma991005961949705772\" target=\"_blank\" rel=\"noopener noreferrer\">El estudio de impacto ambiental : una introduccio\u0301n<\/a><strong> \/ Carlos Marti\u0301n Cantarino\u00a0 <\/strong><\/li>\n<li><a href=\"https:\/\/buc-ule.primo.exlibrisgroup.com\/permalink\/34BUC_ULE\/4pbkoc\/alma991004622269705772\" target=\"_blank\" rel=\"noopener noreferrer\">Evaluaci\u00f3n de impacto ambiental<\/a><strong> \/ Alfonso Garmendia Salvador.<\/strong><\/li>\n<li><a href=\"https:\/\/catoute.unileon.es\/permalink\/34BUC_ULE\/7b676\/alma991002112329705772\" target=\"_blank\" rel=\"noopener noreferrer\">La gestio\u0301n del uso pu\u0301blico en espacios naturales<\/a><strong> \/ Jos\u00e9 Antonio Pascual\u00a0\u00a0 <\/strong><\/li>\n<li><a href=\"https:\/\/catoute.unileon.es\/permalink\/34BUC_ULE\/7b676\/alma991001338219705772\" target=\"_blank\" rel=\"noopener noreferrer\">Introducci\u00f3n a la econom\u00eda ambiental<\/a><strong> \/\u00a0 Diego Azqueta Oyarzun. <\/strong><\/li>\n<li><a href=\"https:\/\/catoute.unileon.es\/permalink\/34BUC_ULE\/7b676\/alma991002209419705772\" target=\"_blank\" rel=\"noopener noreferrer\">Me\u0301todos para la planificacio\u0301n de espacios naturales protegidos<\/a><strong> \/Javier Marti\u0301nez Vega, ed. lit., Mar\u00eda Asunci\u00f3n Marti\u0301n Lou, ed. lit.\u00a0 <\/strong><\/li>\n<li><a href=\"https:\/\/catoute.unileon.es\/permalink\/34BUC_ULE\/7b676\/alma991004161229705772\" target=\"_blank\" rel=\"noopener noreferrer\">Ordenacio\u0301n territorial<\/a><strong> \/ Domingo Go\u0301mez Orea\u00a0 <\/strong><\/li>\n<li><a href=\"https:\/\/catoute.unileon.es\/permalink\/34BUC_ULE\/fj2rcr\/alma991003659219705772\" target=\"_blank\" rel=\"noopener noreferrer\">Recuperacio\u0301n\u00a0de\u00a0espacios\u00a0degradados<\/a> <strong>\/ Domingo\u00a0 G\u00f3mez Orea.<\/strong><\/li>\n<li><a href=\"https:\/\/catoute.unileon.es\/permalink\/34BUC_ULE\/7b676\/alma991005223149705772\" target=\"_blank\" rel=\"noopener noreferrer\">UNE-EN ISO 14001 : sistemas de gestio\u0301n ambiental : requisitos con orientacio\u0301n para su uso : (ISO 14001:2015)<\/a><strong> \/ Asociacio\u0301n Espan\u0303ola de Normalizacio\u0301n y Certificacio\u0301n\u00a0\u00a0 <\/strong><\/li>\n<li><a href=\"https:\/\/catoute.unileon.es\/permalink\/34BUC_ULE\/7b676\/alma991005222959705772\" target=\"_blank\" rel=\"noopener noreferrer\">UNE-EN ISO 19011: directrices para la auditori\u0301a de los sistemas de gestio\u0301n : (ISO 19011:2011)<\/a><strong> \/ Asociacio\u0301n Espan\u0303ola de Normalizacio\u0301n y Certificacio\u0301n\u00a0\u00a0 <\/strong><\/li>\n<\/ul>\n<h2 style=\"text-align: center;\"><span style=\"color: #000000;\"><strong><u>Biolog\u00eda celular y molecular<\/u><\/strong><\/span><\/h2>\n<ul>\n<li><a href=\"https:\/\/buc-ule.primo.exlibrisgroup.com\/permalink\/34BUC_ULE\/jlb2a8\/alma991005161069705772\" target=\"_blank\" rel=\"noopener noreferrer\">Biolog\u00eda celular y molecular<\/a><strong> \/ Harvey Lodish.<\/strong><\/li>\n<li><a href=\"https:\/\/buc-ule.primo.exlibrisgroup.com\/permalink\/34BUC_ULE\/jlb2a8\/alma991003672549705772\" target=\"_blank\" rel=\"noopener noreferrer\">Biologi\u0301a celular y molecular : conceptos y experimentos<\/a> <strong>\/<\/strong> <strong>Gerald Karp.<\/strong><\/li>\n<li><a href=\"https:\/\/buc-ule.primo.exlibrisgroup.com\/permalink\/34BUC_ULE\/jlb2a8\/alma991005205079705772\" target=\"_blank\" rel=\"noopener noreferrer\">Biolog\u00eda molecular del gen<\/a><strong> \/ James D. Watson.<\/strong><\/li>\n<li><a href=\"https:\/\/catoute.unileon.es\/permalink\/34BUC_ULE\/7b676\/alma991001483559705772\" target=\"_blank\" rel=\"noopener noreferrer\">Introducci\u00f3n a la biolog\u00eda celular<\/a><strong> \/ Bruce Alberts.<\/strong><\/li>\n<\/ul>\n<h2 style=\"text-align: center;\"><span style=\"color: #000000;\"><strong><u>Bioqu\u00edmica<\/u><\/strong><\/span><\/h2>\n<ul>\n<li><a href=\"https:\/\/buc-ule.primo.exlibrisgroup.com\/permalink\/34BUC_ULE\/jlb2a8\/alma991000651759705772\" target=\"_blank\" rel=\"noopener noreferrer\">Bioqu\u00edmica<\/a> <strong>\u00a0(3\u00aa ed.) \/ Christopher K. Mathews, K. E. van Holde, Kevin G. Ahern. <\/strong><\/li>\n<li><a href=\"https:\/\/buc-ule.primo.exlibrisgroup.com\/permalink\/34BUC_ULE\/jlb2a8\/alma991004335139705772\" target=\"_blank\" rel=\"noopener noreferrer\">Bioqu\u00edmica<\/a><strong> (4\u00aa ed.) \/ Christopher K. Mathews. \u00a0<\/strong><\/li>\n<li><a href=\"https:\/\/buc-ule.primo.exlibrisgroup.com\/permalink\/34BUC_ULE\/jlb2a8\/alma991005397599705772\" target=\"_blank\" rel=\"noopener noreferrer\">Bioqui\u0301mica : con aplicaciones cli\u0301nicas<\/a><strong> \u00a0(7\u00aa ed.) \/ Lubert Stryer,\u00a0 Jeremy M. Berg, John L. Tymoczko, Gregory J. Gatto.<\/strong><\/li>\n<li><a href=\"https:\/\/buc-ule.primo.exlibrisgroup.com\/permalink\/34BUC_ULE\/jlb2a8\/alma991004334639705772\" target=\"_blank\" rel=\"noopener noreferrer\">Bioqu\u00edmica : conceptos esenciales<\/a><strong> \/ Elena Feduchi Canosa.<\/strong><\/li>\n<li><a href=\"https:\/\/catoute.unileon.es\/permalink\/34BUC_ULE\/7b676\/alma991003554099705772\" target=\"_blank\" rel=\"noopener noreferrer\">Bioqu\u00edmica: fundamentos para Medicina y Ciencias de la vida<\/a><strong> \/ Werner M\u00fcller-Esterl.\u00a0 <\/strong><\/li>\n<li><a href=\"https:\/\/buc-ule.primo.exlibrisgroup.com\/permalink\/34BUC_ULE\/jlb2a8\/alma991003641799705772\" target=\"_blank\" rel=\"noopener noreferrer\">Bioqu\u00edmica : las bases moleculares de la vida<\/a><strong> \/ Trudy McKee, James R. McKee. <\/strong><\/li>\n<li><a href=\"https:\/\/buc-ule.primo.exlibrisgroup.com\/permalink\/34BUC_ULE\/fj2rcr\/alma991005348279705772\" target=\"_blank\" rel=\"noopener noreferrer\">Bioqui\u0301mica : libro de texto con aplicaciones cli\u0301nicas<\/a> \u00a0<strong>\/ <\/strong><strong>Thomas M. Devlin.<\/strong><\/li>\n<li><a href=\"https:\/\/buc-ule.primo.exlibrisgroup.com\/permalink\/34BUC_ULE\/jlb2a8\/alma991005556299705772\" target=\"_blank\" rel=\"noopener noreferrer\">Fundamentos de bioqu\u00edmica : la vida a nivel molecular<\/a><strong> \/ Donald Voet, Judith G. Voet, Charlotte W. Pratt. <\/strong><\/li>\n<li><a href=\"https:\/\/buc-ule.primo.exlibrisgroup.com\/permalink\/34BUC_ULE\/jlb2a8\/alma991004358579705772\" target=\"_blank\" rel=\"noopener noreferrer\">Harper, bioqu\u00edmica ilustrada<\/a><strong> \/ Robert K. Murray.<\/strong><\/li>\n<li><a href=\"https:\/\/catoute.unileon.es\/permalink\/34BUC_ULE\/fj2rcr\/alma991002385539705772\" target=\"_blank\" rel=\"noopener noreferrer\">Principios de bioqu\u00edmica<\/a><strong> \/ H. Robert Horton.<\/strong><strong>\u00a0 <\/strong><\/li>\n<\/ul>\n<h2 style=\"text-align: center;\"><span style=\"color: #000000;\"><strong><u>Biotecnolog\u00eda<\/u><\/strong><\/span><\/h2>\n<ul>\n<li><a href=\"https:\/\/catoute.unileon.es\/permalink\/34BUC_ULE\/1ekdeev\/alma991005508119705772\">Avances recientes en biotecnologi\u0301a vegetal e ingenieri\u0301a gene\u0301tica de plantas<\/a> <strong>\/ Antonio B\u00e9nitez\u00a0 <\/strong><\/li>\n<li><a href=\"https:\/\/catoute.unileon.es\/permalink\/34BUC_ULE\/7b676\/alma991003878149705772\">Biotecnologi\u0301a aplicada a la medicina<\/a><strong> \/ J. A. F. Tresguerres, dir., Vicente Marti\u0301nez Ferna\u0301ndez, dir., V\u00edctor Navas Serrano, dir.\u00a0\u00a0 <\/strong><\/li>\n<li><a href=\"https:\/\/catoute.unileon.es\/permalink\/34BUC_ULE\/1ekdeev\/alma991003769019705772\">Biotecnolog\u00eda para principiantes<\/a><strong> \/ Reinhard Renneberg.<\/strong><\/li>\n<li><a href=\"https:\/\/catoute.unileon.es\/permalink\/34BUC_ULE\/7b676\/alma991002838709705772\">Biotecnologi\u0301a y alimentacio\u0301n<\/a><strong> \/ Gloria Morcillo Ortega, Estrella Corte\u0301s, Jos\u00e9 Luis Garci\u0301a.\u00a0\u00a0 <\/strong><\/li>\n<li><a href=\"https:\/\/catoute.unileon.es\/permalink\/34BUC_ULE\/7b676\/alma991005532959705772\">Derecho de cultivos transge\u0301nicos : el conflicto entre el derecho espan\u0303ol y comunitario y el derecho a la libertad de empresa, a la luz de la nueva normativa \u00abopt-out\u00bb<\/a><strong> \/ Juan Antonio Vives Valle\u0301s.\u00a0\u00a0 <\/strong><\/li>\n<li><a href=\"https:\/\/catoute.unileon.es\/permalink\/34BUC_ULE\/7b676\/alma991002228429705772\">Derecho de la biotecnologi\u0301a y los transge\u0301nicos : (especial referencia al sector agrario y alimentario)<\/a><strong> \/\u00a0 Pablo Amat Llombart.\u00a0 <\/strong><\/li>\n<li><a href=\"https:\/\/catoute.unileon.es\/permalink\/34BUC_ULE\/1ekdeev\/alma991007321379705772\">Introducci\u00f3n a la biotecnolog\u00eda<\/a><strong> \/ William J. Thieman, Michael A. Palladino. <\/strong><\/li>\n<li><a href=\"https:\/\/catoute.unileon.es\/permalink\/34BUC_ULE\/fj2rcr\/alma991002071889705772\">Introducci\u00f3n a la mejora gen\u00e9tica vegetal<\/a><strong> \/\u00a0 Jos\u00e9 Ignacio Cubero Salmer\u00f3n.<\/strong><\/li>\n<\/ul>\n<h2 style=\"text-align: center;\"><span style=\"color: #000000;\"><strong><u>Bot\u00e1nica<\/u><\/strong><\/span><\/h2>\n<ul>\n<li><a href=\"https:\/\/catoute.unileon.es\/permalink\/34BUC_ULE\/1ekdeev\/alma991004280639705772\" target=\"_blank\" rel=\"noopener noreferrer\">Biolog\u00eda de las plantas<\/a> \/ <strong>Peter H. Raven, Ray F. Evert, Susan E. Eichhorm.<\/strong><\/li>\n<li><a href=\"https:\/\/buc-ule.primo.exlibrisgroup.com\/permalink\/34BUC_ULE\/jlb2a8\/alma991004455109705772\" target=\"_blank\" rel=\"noopener noreferrer\">Bot\u00e1nica<\/a><strong> \/ Jes\u00fas Izco. <\/strong><\/li>\n<li><a href=\"https:\/\/buc-ule.primo.exlibrisgroup.com\/permalink\/34BUC_ULE\/jlb2a8\/alma991002619399705772\" target=\"_blank\" rel=\"noopener noreferrer\">Fundamentos de fisiolog\u00eda vegetal<\/a><strong> \/ J. Azc\u00f3n-Bieto, M. Tal\u00f3n.<\/strong><\/li>\n<li><a href=\"https:\/\/buc-ule.primo.exlibrisgroup.com\/permalink\/34BUC_ULE\/jlb2a8\/alma991007599069705772\" target=\"_blank\" rel=\"noopener noreferrer\">Introducci\u00f3n a la bot\u00e1nica<\/a><strong> \/ Murray W. Nabors.<\/strong><\/li>\n<\/ul>\n<h2 style=\"text-align: center;\"><span style=\"color: #000000;\"><strong><u>Citolog\u00eda e histolog\u00eda<\/u><\/strong><\/span><\/h2>\n<ul>\n<li><a href=\"https:\/\/buc-ule.primo.exlibrisgroup.com\/permalink\/34BUC_ULE\/jlb2a8\/alma991004335029705772\" target=\"_blank\" rel=\"noopener noreferrer\">Atlas en color y texto de histolog\u00eda<\/a><strong> \/ Leslie P. Gartner, James L. Hiatt.<\/strong><\/li>\n<li><a href=\"https:\/\/buc-ule.primo.exlibrisgroup.com\/permalink\/34BUC_ULE\/jlb2a8\/alma991005913949705772\" target=\"_blank\" rel=\"noopener noreferrer\">Citolog\u00eda e histolog\u00eda vegetal y animal. Vol. I, Biolog\u00eda celular<\/a> <strong>\/ Ricardo Paniagua.\u00a0 <\/strong><\/li>\n<li><a href=\"https:\/\/buc-ule.primo.exlibrisgroup.com\/permalink\/34BUC_ULE\/jlb2a8\/alma991005913999705772\" target=\"_blank\" rel=\"noopener noreferrer\">Citolog\u00eda e histolog\u00eda vegetal y animal. Vol. II, Histolog\u00eda vegetal y animal<\/a><strong> \/ Ricardo Paniagua.\u00a0 <\/strong><\/li>\n<li><a href=\"https:\/\/buc-ule.primo.exlibrisgroup.com\/permalink\/34BUC_ULE\/jlb2a8\/alma991004800719705772\" target=\"_blank\" rel=\"noopener noreferrer\">Histolog\u00eda b\u00e1sica: texto y atlas<\/a><strong> (12\u00aa ed.) \/ L. C. Junqueira y J. Carneiro.<\/strong><\/li>\n<li><a href=\"https:\/\/buc-ule.primo.exlibrisgroup.com\/permalink\/34BUC_ULE\/jlb2a8\/alma991007698249705772\" target=\"_blank\" rel=\"noopener noreferrer\">Histolog\u00eda : biolog\u00eda celular y tisular : instructivo de laboratorio<\/a><strong> \/ Julio Sep\u00falveda Saavedra, Rosa Mar\u00eda Medina Hern\u00e1ndez.\u00a0 <\/strong><\/li>\n<li><a href=\"https:\/\/buc-ule.primo.exlibrisgroup.com\/permalink\/34BUC_ULE\/jlb2a8\/alma991003006669705772\" target=\"_blank\" rel=\"noopener noreferrer\">Histolog\u00eda y embriolog\u00eda del ser humano : bases celulares y moleculares<\/a><strong> (5\u00aa ed.) \/ Aldo R. Eynard, Mirta A. Valentich, Roberto A. Rovasio. <\/strong><\/li>\n<li><a href=\"https:\/\/buc-ule.primo.exlibrisgroup.com\/permalink\/34BUC_ULE\/jlb2a8\/alma991001080699705772\" target=\"_blank\" rel=\"noopener noreferrer\">Texto atlas de histolog\u00eda : biolog\u00eda celular y tisular<\/a><strong> \/ Julio Sep\u00falveda Saavedra.<\/strong><\/li>\n<\/ul>\n<h2 style=\"text-align: center;\"><span style=\"color: #000000;\"><strong><u>Ecolog\u00eda<\/u><\/strong><\/span><\/h2>\n<ul>\n<li><a href=\"https:\/\/catoute.unileon.es\/permalink\/34BUC_ULE\/7b676\/alma991004881799705772\" target=\"_blank\" rel=\"noopener noreferrer\">La defensa contra incendios forestales: fundamentos y experiencias<\/a><strong> (2\u00aa ed.) \/ Ricardo V\u00e9lez Mu\u00f1oz.<\/strong><\/li>\n<li><a href=\"https:\/\/buc-ule.primo.exlibrisgroup.com\/permalink\/34BUC_ULE\/jlb2a8\/alma991006573999705772\" target=\"_blank\" rel=\"noopener noreferrer\">Ecolog\u00eda<\/a><strong> \/ Thomas M. Smith, Robert Leo Smith. <\/strong><\/li>\n<li><a href=\"https:\/\/buc-ule.primo.exlibrisgroup.com\/permalink\/34BUC_ULE\/jlb2a8\/alma991000055439705772\" target=\"_blank\" rel=\"noopener noreferrer\">Ecolog\u00eda : conceptos y aplicaciones<\/a><strong> \/ Manuel C. Molles. <\/strong><\/li>\n<li><a href=\"https:\/\/buc-ule.primo.exlibrisgroup.com\/permalink\/34BUC_ULE\/jlb2a8\/alma991005893769705772\" target=\"_blank\" rel=\"noopener noreferrer\">Ecolog\u00eda microbiana y microbiolog\u00eda ambiental <\/a><strong>\/ Ronald M. Atlas, Richard Bartha. <\/strong><\/li>\n<li><a href=\"https:\/\/buc-ule.primo.exlibrisgroup.com\/permalink\/34BUC_ULE\/jlb2a8\/alma991003961999705772\" target=\"_blank\" rel=\"noopener noreferrer\">Introducci\u00f3n pr\u00e1ctica a la ecolog\u00eda<\/a><strong> \/ Antonio Jos\u00e9 Samo Lumbreras, Alfonso Garmendia Salvador, Juan Antonio Delgado.<\/strong><\/li>\n<\/ul>\n<h2 style=\"text-align: center;\"><span style=\"color: #000000;\"><strong><u>F\u00edsica<\/u><\/strong><\/span><\/h2>\n<ul>\n<li><a href=\"https:\/\/catoute.unileon.es\/permalink\/34BUC_ULE\/7b676\/alma991005733719705772\" target=\"_blank\" rel=\"noopener noreferrer\">Acu\u0301stica arquitecto\u0301nica y urbani\u0301stica<\/a><strong> \/ J. Sancho Vendrell, Ana Llopis Reyna, Jaime Llinares Galiana.\u00a0\u00a0 <\/strong><\/li>\n<li><a href=\"https:\/\/catoute.unileon.es\/permalink\/34BUC_ULE\/1ekdeev\/alma991004739899705772\" target=\"_blank\" rel=\"noopener noreferrer\">Feno\u0301menos de transporte : un estudio sistema\u0301tico de los fundamentos del transporte de materia, energi\u0301a y cantidad de movimiento<\/a> <strong>\/ R. Byron Bird, Warren E. Stewart, Edwin N. Lightfoot.\u00a0 <\/strong><\/li>\n<li><a href=\"https:\/\/catoute.unileon.es\/permalink\/34BUC_ULE\/7b676\/alma991004282969705772\" target=\"_blank\" rel=\"noopener noreferrer\">F\u00edsica<\/a> <strong>\/ Joseph W. Kane, Morton M. Stemheim.<\/strong><\/li>\n<li><a href=\"https:\/\/catoute.unileon.es\/permalink\/34BUC_ULE\/1ekdeev\/alma991006836459705772\" target=\"_blank\" rel=\"noopener noreferrer\">Fi\u0301sica conceptual<\/a><strong> (12\u00aa ed.) \/ Paul G. Hewitt\u00a0\u00a0 <\/strong><\/li>\n<li><a href=\"https:\/\/catoute.unileon.es\/permalink\/34BUC_ULE\/fj2rcr\/alma991004206849705772\" target=\"_blank\" rel=\"noopener noreferrer\">F\u00edsica para ciencias de la vida<\/a><strong> \/ David <\/strong><strong>Jou i Mirabent, Carlos Pe\u0301rez Garci\u0301a, Josep Enri Llebot Rabagliati.<\/strong><\/li>\n<li><a href=\"https:\/\/buc-ule.primo.exlibrisgroup.com\/permalink\/34BUC_ULE\/jlb2a8\/alma991007525539705772\" target=\"_blank\" rel=\"noopener noreferrer\">Fundamentos de f\u00edsica<\/a><strong> \/ Andrew Rex, Richard Wolfson.\u00a0 <\/strong><\/li>\n<li><a href=\"https:\/\/catoute.unileon.es\/permalink\/34BUC_ULE\/1ekdeev\/alma991004686499705772\" target=\"_blank\" rel=\"noopener noreferrer\">Sears &#8211; Zemansky fi\u0301sica universitaria <\/a><strong>\u00a0Vol I (12 ed.) \/ Hung D. Young, Roger A. Freedman, Albert Lewis Ford.<\/strong><\/li>\n<li><a href=\"https:\/\/catoute.unileon.es\/permalink\/34BUC_ULE\/fj2rcr\/alma991004213949705772\" target=\"_blank\" rel=\"noopener noreferrer\">Sears y Zemanky f\u00edsica universitaria<\/a><strong> Vol I (13 ed.) \/ Hung D. Young, Roger A. Freedman, Albert Lewis Ford. <\/strong><\/li>\n<\/ul>\n<h2 style=\"text-align: center;\"><span style=\"color: #000000;\"><strong><u>Fisiolog\u00eda humana<\/u><\/strong><\/span><\/h2>\n<ul>\n<li><a href=\"https:\/\/catoute.unileon.es\/permalink\/34BUC_ULE\/1ekdeev\/alma991007848479705772\" target=\"_blank\" rel=\"noopener noreferrer\">Fisiologi\u0301a humana<\/a><strong> \/ J. A. F.Tresguerres\u00a0\u00a0 <\/strong><\/li>\n<li><a href=\"https:\/\/buc-ule.primo.exlibrisgroup.com\/permalink\/34BUC_ULE\/jlb2a8\/alma991002020509705772\" target=\"_blank\" rel=\"noopener noreferrer\">Fisiolog\u00eda humana<\/a><strong> (1\u00aa ed. en espa\u00f1ol) \/ Stuart Ira Fox.<\/strong><\/li>\n<li><a href=\"https:\/\/buc-ule.primo.exlibrisgroup.com\/permalink\/34BUC_ULE\/jlb2a8\/alma991005228429705772\" target=\"_blank\" rel=\"noopener noreferrer\">Fisiolog\u00eda humana<\/a><strong> (4\u00aa ed. en espa\u00f1ol) \/ Stuart Ira Fox.<\/strong><\/li>\n<li><a href=\"https:\/\/catoute.unileon.es\/permalink\/34BUC_ULE\/4pbkoc\/alma991001565429705772\" target=\"_blank\" rel=\"noopener noreferrer\">Fisiolog\u00eda humana : aplicaci\u00f3n a la actividad f\u00edsica<\/a><strong> (2\u00aa ed.) \/ Francisco Javier Calder\u00f3n. <\/strong><\/li>\n<li><a href=\"https:\/\/catoute.unileon.es\/permalink\/34BUC_ULE\/4pbkoc\/alma991000196139705772\" target=\"_blank\" rel=\"noopener noreferrer\">Fisiolog\u00eda humana : un enfoque integrado<\/a> <strong>\/ Dee Unglaub Silverthorn.\u00a0<\/strong><\/li>\n<li><a href=\"https:\/\/catoute.unileon.es\/permalink\/34BUC_ULE\/4pbkoc\/alma991000175569705772\" target=\"_blank\" rel=\"noopener noreferrer\">Fisiologi\u0301a me\u0301dica : del razonamiento fisiolo\u0301gico al razonamiento cli\u0301nico <\/a><strong>(2\u00aa ed.) \/ Crist\u00f3bal Mezquita.<\/strong><\/li>\n<li><a href=\"https:\/\/catoute.unileon.es\/permalink\/34BUC_ULE\/1ekdeev\/alma991005557899705772\" target=\"_blank\" rel=\"noopener noreferrer\">Fisiologi\u0301a me\u0301dica : un enfoque por aparatos y sistemas<\/a> <strong>\/ Hershel Raff, Michel G.<\/strong> <strong>Levitzky\u00a0\u00a0 <\/strong><\/li>\n<li><a href=\"https:\/\/catoute.unileon.es\/permalink\/34BUC_ULE\/4pbkoc\/alma991000175619705772\" target=\"_blank\" rel=\"noopener noreferrer\">La fisiopatolog\u00eda como base fundamental del diagn\u00f3stico cl\u00ednico<\/a><strong> \/ Isauro Ram\u00f3n Guti\u00e9rrez V\u00e1zquez. <\/strong><\/li>\n<\/ul>\n<h2 style=\"text-align: center;\"><span style=\"color: #000000;\"><strong><u>Gen\u00e9tica<\/u><\/strong><\/span><\/h2>\n<ul>\n<li><a href=\"https:\/\/catoute.unileon.es\/permalink\/34BUC_ULE\/4pbkoc\/alma991003973639705772\" target=\"_blank\" rel=\"noopener noreferrer\">An\u00e1lisis evolutivo<\/a> <strong>\/ Scott Freeman, Jon C. Herron. <\/strong><\/li>\n<li><a href=\"https:\/\/catoute.unileon.es\/permalink\/34BUC_ULE\/4pbkoc\/alma991005204979705772\" target=\"_blank\" rel=\"noopener noreferrer\">Asesoramiento gen\u00e9tico en la pr\u00e1ctica m\u00e9dica<\/a><strong> \/ Alfonso Delgado Rubio.<\/strong><\/li>\n<li><a href=\"https:\/\/catoute.unileon.es\/permalink\/34BUC_ULE\/4pbkoc\/alma991002643149705772\" target=\"_blank\" rel=\"noopener noreferrer\">Conceptos de gen\u00e9tica<\/a><strong> \/ William S. Klug. <\/strong><\/li>\n<li><a href=\"https:\/\/catoute.unileon.es\/permalink\/34BUC_ULE\/4pbkoc\/alma991002845109705772\" target=\"_blank\" rel=\"noopener noreferrer\">Gen\u00e9tica<\/a><strong> \/ Anthony J.F. Griffiths. <\/strong><\/li>\n<li><a href=\"https:\/\/catoute.unileon.es\/permalink\/34BUC_ULE\/jlb2a8\/alma991001544759705772\" target=\"_blank\" rel=\"noopener noreferrer\">Gen\u00e9tica : conceptos esenciales<\/a><strong> \/ C\u00e9sar Benito Jim\u00e9nez.<\/strong><\/li>\n<li><a href=\"https:\/\/catoute.unileon.es\/permalink\/34BUC_ULE\/7b676\/alma991002270409705772\" target=\"_blank\" rel=\"noopener noreferrer\">Gen\u00e9tica humana: conceptos, mecanismos y aplicaciones de la gen\u00e9tica en el campo de la biomedicina<\/a><strong> \/ Francisco Javier Novo Villaverde. <\/strong><\/li>\n<li><a href=\"https:\/\/catoute.unileon.es\/permalink\/34BUC_ULE\/7b676\/alma991000425349705772\" target=\"_blank\" rel=\"noopener noreferrer\">Gen\u00e9tica humana : fundamentos y aplicaciones en medicina<\/a><strong> \/ Alberto Juan Solari. <\/strong><\/li>\n<li><a href=\"https:\/\/catoute.unileon.es\/permalink\/34BUC_ULE\/jlb2a8\/alma991004408169705772\" target=\"_blank\" rel=\"noopener noreferrer\">Gen\u00e9tica m\u00e9dica : lo esencial de un vistazo<\/a><strong> \/ Dorian J. Pritchard, Bruce R. Korf. <\/strong><\/li>\n<li><a href=\"https:\/\/catoute.unileon.es\/permalink\/34BUC_ULE\/jlb2a8\/alma991001871309705772\" target=\"_blank\" rel=\"noopener noreferrer\">Gen\u00e9tica : problemas y ejercicios resueltos<\/a> <strong>\/ Jos\u00e9 Luis M\u00e9nsua Fern\u00e1ndez. <\/strong><\/li>\n<li><a href=\"https:\/\/catoute.unileon.es\/permalink\/34BUC_ULE\/jlb2a8\/alma991004493009705772\" target=\"_blank\" rel=\"noopener noreferrer\">Gen\u00e9tica : un enfoque conceptual<\/a><strong> \/ Benjamin A. Pierce.<\/strong><\/li>\n<li><a href=\"https:\/\/catoute.unileon.es\/permalink\/34BUC_ULE\/4pbkoc\/alma991000459499705772\" target=\"_blank\" rel=\"noopener noreferrer\">El mundo de la c\u00e9lula<\/a><strong> \/ Wayne M. Becker, Lewis J. Kleinsmith, Jeff Hardin. <\/strong><\/li>\n<li><a href=\"https:\/\/catoute.unileon.es\/permalink\/34BUC_ULE\/7b676\/alma991000137559705772\" target=\"_blank\" rel=\"noopener noreferrer\">Regulation of transcription in plants<\/a><strong> \/ Klaus Grasser.\u00a0\u00a0<\/strong><\/li>\n<\/ul>\n<h2 style=\"text-align: center;\"><span style=\"color: #000000;\"><strong><u>Geolog\u00eda<\/u><\/strong><\/span><\/h2>\n<ul>\n<li><a href=\"https:\/\/buc-ule.primo.exlibrisgroup.com\/permalink\/34BUC_ULE\/jlb2a8\/alma991006909309705772\" target=\"_blank\" rel=\"noopener noreferrer\">Ciencias de la tierra : una introducci\u00f3n a la geolog\u00eda f\u00edsica<\/a><strong> (8\u00aa ed. ) \/ Edward J. Tarbuck, Frederick K. Lutgens.<\/strong><\/li>\n<li><a href=\"https:\/\/buc-ule.primo.exlibrisgroup.com\/permalink\/34BUC_ULE\/jlb2a8\/alma991003437959705772\" target=\"_blank\" rel=\"noopener noreferrer\">Ciencias de la tierra : una introducci\u00f3n a la geolog\u00eda f\u00edsica<\/a><strong> (10\u00aa ed.) \/ Edward J. Tarbuck, Frederick K. Lutgens.\u00a0 <\/strong><\/li>\n<li><a href=\"https:\/\/buc-ule.primo.exlibrisgroup.com\/permalink\/34BUC_ULE\/jlb2a8\/alma991004357169705772\" target=\"_blank\" rel=\"noopener noreferrer\">Geolog\u00eda pr\u00e1ctica : introducci\u00f3n al reconocimiento de materiales y an\u00e1lisis de mapas<\/a><strong> \/ Manuel Pozo Rodr\u00edguez, Javier Gonz\u00e1lez Y\u00e9lamos, Jorge Giner Robles.\u00a0 <\/strong><\/li>\n<li><a href=\"https:\/\/buc-ule.primo.exlibrisgroup.com\/permalink\/34BUC_ULE\/jlb2a8\/alma991003078149705772\" target=\"_blank\" rel=\"noopener noreferrer\">Geomorfolog\u00eda<\/a><strong> \/ Mateo Guti\u00e9rrez Elorza.\u00a0 <\/strong><\/li>\n<li><a href=\"https:\/\/buc-ule.primo.exlibrisgroup.com\/permalink\/34BUC_ULE\/jlb2a8\/alma991003972919705772\" target=\"_blank\" rel=\"noopener noreferrer\">Ingenier\u00eda geol\u00f3gica<\/a><strong> \/ Luis I. Gonz\u00e1lez de Vallejo.<\/strong><\/li>\n<li><a href=\"https:\/\/catoute.unileon.es\/permalink\/34BUC_ULE\/fj2rcr\/alma991005740419705772\" target=\"_blank\" rel=\"noopener noreferrer\">Introducci\u00f3n a los riesgos geol\u00f3gicos<\/a><strong> \/ Javier Lario G\u00f3mez, Teresa Bardaj\u00ed.<\/strong><\/li>\n<li><a href=\"https:\/\/catoute.unileon.es\/permalink\/34BUC_ULE\/7b676\/alma991000105639705772\" target=\"_blank\" rel=\"noopener noreferrer\">Patrimonio geolo\u0301gico y geodiversidad : investigacio\u0301n, conservacio\u0301n, gestio\u0301n y relacio\u0301n con los espacios naturales protegidos<\/a><strong> \/Luis Carcavilla Urqui\u0301, Jer\u00f3nimo Lo\u0301pez Marti\u0301nez, Juan Jos\u00e9 Dura\u0301n Valsero.\u00a0\u00a0 <\/strong><\/li>\n<li><a href=\"https:\/\/catoute.unileon.es\/permalink\/34BUC_ULE\/1ekdeev\/alma991004968969705772\" target=\"_blank\" rel=\"noopener noreferrer\">Sistemas de informaci\u00f3n geogr\u00e1fica aplicados a la gesti\u00f3n del territorio: entrada, manejo, an\u00e1lisis y salida de datos espaciales: teor\u00eda general y pr\u00e1ctica para ESRI ArcGIS 9<\/a> <strong>\/ Juan Pe\u00f1a Llopis.<\/strong><\/li>\n<\/ul>\n<h2 style=\"text-align: center;\"><span style=\"color: #000000;\"><strong><u>Inmunolog\u00eda<\/u><\/strong><\/span><\/h2>\n<ul>\n<li><a href=\"https:\/\/catoute.unileon.es\/permalink\/34BUC_ULE\/jlb2a8\/alma991003661779705772\" target=\"_blank\" rel=\"noopener noreferrer\">Inmunobiolog\u00eda de Janeway<\/a><strong> \/ Kenneth Murphy, Paul Travers, Mark Walport. <\/strong><\/li>\n<li><a href=\"https:\/\/catoute.unileon.es\/permalink\/34BUC_ULE\/jlb2a8\/alma991003069099705772\" target=\"_blank\" rel=\"noopener noreferrer\">Inmunolog\u00eda\u00a0: fundamentos<\/a><strong> (12\u00aa ed.) \/ Peter J. Delves.<\/strong><\/li>\n<li><a href=\"https:\/\/catoute.unileon.es\/permalink\/34BUC_ULE\/jlb2a8\/alma991000858659705772\" target=\"_blank\" rel=\"noopener noreferrer\">Introducci\u00f3n a la inmunolog\u00eda humana<\/a><strong> (6\u00aa ed.) \/ Leonardo Fainboim, Jorge Geffner. <\/strong><\/li>\n<li><a href=\"https:\/\/catoute.unileon.es\/permalink\/34BUC_ULE\/jlb2a8\/alma991007343549705772\" target=\"_blank\" rel=\"noopener noreferrer\">Kuby immunology<\/a><strong> \/ Thomas J. Kindt, Richard A. Goldsby, Barbara A. Osborne. <\/strong><\/li>\n<li><a href=\"https:\/\/catoute.unileon.es\/permalink\/34BUC_ULE\/jlb2a8\/alma991002542659705772\" target=\"_blank\" rel=\"noopener noreferrer\">Vacuna y vacunaci\u00f3n : fundamentos y manejo de las inmunizaciones<\/a><strong> \/ Ra\u00fal Romero Cabello.<\/strong><\/li>\n<\/ul>\n<h2 style=\"text-align: center;\"><span style=\"color: #000000;\"><strong><u>Matem\u00e1ticas<\/u><\/strong><\/span><\/h2>\n<ul>\n<li><a href=\"https:\/\/buc-ule.primo.exlibrisgroup.com\/permalink\/34BUC_ULE\/4pbkoc\/alma991004159099705772\" target=\"_blank\" rel=\"noopener noreferrer\">Estad\u00edstica para biolog\u00eda y ciencias de la salud<\/a><strong> \/ J. Susan Milton. <\/strong><\/li>\n<li><a href=\"https:\/\/buc-ule.primo.exlibrisgroup.com\/permalink\/34BUC_ULE\/4pbkoc\/alma991003702039705772\" target=\"_blank\" rel=\"noopener noreferrer\">Matem\u00e1ticas para ciencias<\/a><strong> \/ Claudia Neuhauser. <\/strong><\/li>\n<li><a href=\"https:\/\/catoute.unileon.es\/permalink\/34BUC_ULE\/fj2rcr\/alma991003692639705772\" target=\"_blank\" rel=\"noopener noreferrer\">Probabilidad y estad\u00edstica para ingenier\u00eda y ciencias<\/a> <strong>(8\u00aa ed.)<\/strong> <strong>\/ Jay L. Devore.<\/strong><\/li>\n<li><a href=\"https:\/\/catoute.unileon.es\/permalink\/34BUC_ULE\/fj2rcr\/alma991006139949705772\" target=\"_blank\" rel=\"noopener noreferrer\">Probabilidad y estad\u00edstica para ingenier\u00eda y ciencias<\/a> <strong>(9\u00aa ed.) \/ Jay L. Devore.<\/strong><\/li>\n<\/ul>\n<h2 style=\"text-align: center;\"><span style=\"color: #000000;\"><strong><u>Microbiolog\u00eda<\/u><\/strong><\/span><\/h2>\n<ul>\n<li><a href=\"https:\/\/buc-ule.primo.exlibrisgroup.com\/permalink\/34BUC_ULE\/jlb2a8\/alma991004825599705772\" target=\"_blank\" rel=\"noopener noreferrer\">Brock biolog\u00eda de los microorganismos<\/a><strong> (12\u00aa ed.) \/ Michael T. Madigan.<\/strong><\/li>\n<li><a href=\"https:\/\/buc-ule.primo.exlibrisgroup.com\/permalink\/34BUC_ULE\/jlb2a8\/alma991004552889705772\" target=\"_blank\" rel=\"noopener noreferrer\">Brock biolog\u00eda de los microorganismos<\/a><strong> (14\u00aa ed.) \/ Michael T. Madigan. <\/strong><\/li>\n<li><a href=\"https:\/\/catoute.unileon.es\/permalink\/34BUC_ULE\/1ekdeev\/alma991005258869705772\" target=\"_blank\" rel=\"noopener noreferrer\">El control biolo\u0301gico de plagas y enfermedades : la sostenibilidad de la agricultura mediterra\u0301nea<\/a><strong> \/ Josep Anton Jacas Mirete, ed. lit., Primitivo Caballero, ed. lit., Jes\u00fas Avilla, ed. lit.\u00a0\u00a0 <\/strong><\/li>\n<li><a href=\"https:\/\/buc-ule.primo.exlibrisgroup.com\/permalink\/34BUC_ULE\/jlb2a8\/alma991001660949705772\" target=\"_blank\" rel=\"noopener noreferrer\">Introducci\u00f3n\u00a0a\u00a0la\u00a0microbiolog\u00eda<\/a> <strong>(12\u00aa ed.) \/ Gerard J. Tortora, Berdell R. Funke, Christine L. Cas.<\/strong><\/li>\n<li><a href=\"https:\/\/buc-ule.primo.exlibrisgroup.com\/permalink\/34BUC_ULE\/jlb2a8\/alma991005555609705772\" target=\"_blank\" rel=\"noopener noreferrer\">Microbiolog\u00eda<\/a><strong> \/ Prescott, Harley y Klein. \u00a0\u00a0<\/strong><\/li>\n<li><a href=\"https:\/\/buc-ule.primo.exlibrisgroup.com\/permalink\/34BUC_ULE\/jlb2a8\/alma991003482769705772\" target=\"_blank\" rel=\"noopener noreferrer\">Microbiolog\u00eda : cuestiones y casos pr\u00e1cticos resueltos<\/a><strong> \/ Luc\u00eda Arregui Garc\u00eda-Rov\u00e9s.<\/strong><\/li>\n<\/ul>\n<h2 style=\"text-align: center;\"><span style=\"color: #000000;\"><strong><u>Qu\u00edmica<\/u><\/strong><\/span><\/h2>\n<ul>\n<li><a href=\"https:\/\/catoute.unileon.es\/permalink\/34BUC_ULE\/fj2rcr\/alma991007834649705772\" target=\"_blank\" rel=\"noopener noreferrer\">An\u00e1lisis qu\u00edmico cuantitativo<\/a> <strong>\/ Daniel C. Harris.<\/strong><\/li>\n<li><a href=\"https:\/\/buc-ule.primo.exlibrisgroup.com\/permalink\/34BUC_ULE\/jlb2a8\/alma991004062999705772\" target=\"_blank\" rel=\"noopener noreferrer\">Cuestiones y ejercicios de qu\u00edmica org\u00e1nica : una gu\u00eda de estudio y autoevaluaci\u00f3n <\/a><strong>\u00a0\/ Emilio Qui\u00f1o\u00e1 Cabana, Ricardo Riguera Vega. <\/strong><\/li>\n<li><a href=\"https:\/\/catoute.unileon.es\/permalink\/34BUC_ULE\/7b676\/alma991004866039705772\" target=\"_blank\" rel=\"noopener noreferrer\">Fisicoqui\u0301mica<\/a><strong> (5\u00aa ed.) \/ Ira N.<\/strong> <strong>Levine\u00a0\u00a0 <\/strong><\/li>\n<li><a href=\"https:\/\/buc-ule.primo.exlibrisgroup.com\/permalink\/34BUC_ULE\/jlb2a8\/alma991001333369705772\" target=\"_blank\" rel=\"noopener noreferrer\">Fundamentos de qu\u00edmica <\/a><strong>\u00a0\/ Ralph A. Burns.\u00a0 <\/strong><strong>\u00a0\u00a0\u00a0<\/strong><\/li>\n<li><a href=\"https:\/\/buc-ule.primo.exlibrisgroup.com\/permalink\/34BUC_ULE\/jlb2a8\/alma991007703729705772\" target=\"_blank\" rel=\"noopener noreferrer\">Fundamentos de qu\u00edmica<\/a><strong> \/ Raymond Chang. <\/strong><strong>\u00a0\u00a0<\/strong><\/li>\n<li><a href=\"https:\/\/buc-ule.primo.exlibrisgroup.com\/permalink\/34BUC_ULE\/jlb2a8\/alma991005405019705772\" target=\"_blank\" rel=\"noopener noreferrer\">Fundamentos de qu\u00edmica org\u00e1nica<\/a><strong> \/ Paula Yurkanis Bruice.\u00a0 <\/strong><strong>\u00a0<\/strong><\/li>\n<li><a href=\"https:\/\/catoute.unileon.es\/permalink\/34BUC_ULE\/1ekdeev\/alma991004408439705772\" target=\"_blank\" rel=\"noopener noreferrer\"><strong>I<\/strong>ngenieri\u0301a de las reacciones qui\u0301micas<\/a><strong> \/ Octave\u00a0 Levenspiel\u00a0 <\/strong><\/li>\n<li><a href=\"https:\/\/buc-ule.primo.exlibrisgroup.com\/permalink\/34BUC_ULE\/jlb2a8\/alma991000150409705772\" target=\"_blank\" rel=\"noopener noreferrer\">Introducci\u00f3n a la nomenclatura de las sustancias qu\u00edmicas<\/a><strong> \/ W.R. Peterson. <\/strong><\/li>\n<li><a href=\"https:\/\/catoute.unileon.es\/permalink\/34BUC_ULE\/7b676\/alma991004894489705772\" target=\"_blank\" rel=\"noopener noreferrer\">Introduccio\u0301n a la qui\u0301mica farmace\u0301utica<\/a><strong> \/ Carmen Avendan\u0303o Lo\u0301pez, coord.\u00a0\u00a0 <\/strong><\/li>\n<li><a href=\"https:\/\/buc-ule.primo.exlibrisgroup.com\/permalink\/34BUC_ULE\/jlb2a8\/alma991001191309705772\" target=\"_blank\" rel=\"noopener noreferrer\">Introducci\u00f3n a la termodin\u00e1mica en ingenier\u00eda qu\u00edmica<\/a><strong> \/ J. M. Smith, H. C. Van Ness, M. M. Abbott. <\/strong><\/li>\n<li><a href=\"https:\/\/catoute.unileon.es\/permalink\/34BUC_ULE\/1ekdeev\/alma991006482669705772\" target=\"_blank\" rel=\"noopener noreferrer\">Nomenclatura de las sustancias qui\u0301micas<\/a> <strong>\/ W. R Peterson.<\/strong><\/li>\n<li><a href=\"https:\/\/buc-ule.primo.exlibrisgroup.com\/permalink\/34BUC_ULE\/jlb2a8\/alma991005630259705772\" target=\"_blank\" rel=\"noopener noreferrer\">Nomenclatura y formulaci\u00f3n de los compuestos inorg\u00e1nicos : [Una gu\u00eda de estudio y autoevaluaci\u00f3n]<\/a><strong> \/ Emilio Qui\u00f1o\u00e1 Cabana, Ricardo Riguera Vega, Jos\u00e9 Manuel Vila Abad.\u00a0\u00a0\u00a0 <\/strong><\/li>\n<li><a href=\"https:\/\/buc-ule.primo.exlibrisgroup.com\/permalink\/34BUC_ULE\/jlb2a8\/alma991002236419705772\" target=\"_blank\" rel=\"noopener noreferrer\">Nomenclatura y representaci\u00f3n de los compuestos org\u00e1nicos : una gu\u00eda de estudio y autoevaluaci\u00f3n<\/a><strong> \/ Emilio Qui\u00f1o\u00e1 Cabana, Ricardo Riguera Vega.\u00a0 <\/strong><\/li>\n<li><a href=\"https:\/\/catoute.unileon.es\/permalink\/34BUC_ULE\/7b676\/alma991003118739705772\" target=\"_blank\" rel=\"noopener noreferrer\">Operaciones b\u00e1sicas de ingenier\u00eda qu\u00edmica<\/a><strong>\u00a0 \/ Warren L. McCabe, Julian C. Smith.<\/strong><\/li>\n<li><a href=\"https:\/\/catoute.unileon.es\/permalink\/34BUC_ULE\/7b676\/alma991004727459705772\" target=\"_blank\" rel=\"noopener noreferrer\">Problemas de fi\u0301sicoqui\u0301mica<\/a><strong> \/ Ira N. Levine\u00a0\u00a0 <\/strong><\/li>\n<li><a href=\"https:\/\/buc-ule.primo.exlibrisgroup.com\/permalink\/34BUC_ULE\/jlb2a8\/alma991003972519705772\" target=\"_blank\" rel=\"noopener noreferrer\">Problemas de qu\u00edmica<\/a><strong> \/ Jos\u00e9 Antonio L\u00f3pez Cancio.\u00a0\u00a0 <\/strong><\/li>\n<li><a href=\"https:\/\/buc-ule.primo.exlibrisgroup.com\/permalink\/34BUC_ULE\/jlb2a8\/alma991002341979705772\" target=\"_blank\" rel=\"noopener noreferrer\">Qu\u00edmica<\/a><strong> (7\u00aa ed. En espa\u00f1ol) \/ Raymond Chang, Kenneth A. Goldsby.<\/strong><\/li>\n<li><a href=\"https:\/\/buc-ule.primo.exlibrisgroup.com\/permalink\/34BUC_ULE\/4pbkoc\/alma991003197049705772\" target=\"_blank\" rel=\"noopener noreferrer\">Qu\u00edmica ambiental<\/a><strong> \/ Colin Baird, Michael Cann.<\/strong><\/li>\n<li><a href=\"https:\/\/buc-ule.primo.exlibrisgroup.com\/permalink\/34BUC_ULE\/jlb2a8\/alma991004076999705772\" target=\"_blank\" rel=\"noopener noreferrer\">Qu\u00edmica ambiental de sistemas terrestres<\/a><strong> \/ Xavier Dom\u00e8nech, Jos\u00e9 Peral.<\/strong><\/li>\n<li><a href=\"https:\/\/buc-ule.primo.exlibrisgroup.com\/permalink\/34BUC_ULE\/jlb2a8\/alma991005884329705772\" target=\"_blank\" rel=\"noopener noreferrer\">Qu\u00edmica anal\u00edtica<\/a><strong> \/ Gary D. Christian.\u00a0 <\/strong><\/li>\n<li><a href=\"https:\/\/buc-ule.primo.exlibrisgroup.com\/permalink\/34BUC_ULE\/jlb2a8\/alma991003136109705772\" target=\"_blank\" rel=\"noopener noreferrer\">Qu\u00edmica f\u00edsica<\/a><strong> \/ Peter Atkins, Julio de Paula. <\/strong><\/li>\n<li><a href=\"https:\/\/buc-ule.primo.exlibrisgroup.com\/permalink\/34BUC_ULE\/jlb2a8\/alma991001005559705772\" target=\"_blank\" rel=\"noopener noreferrer\">Qu\u00edmica f\u00edsica<\/a><strong> \/ Thomas Engel, Philip Reid.\u00a0 <\/strong><\/li>\n<li><a href=\"https:\/\/buc-ule.primo.exlibrisgroup.com\/permalink\/34BUC_ULE\/jlb2a8\/alma991004329169705772\" target=\"_blank\" rel=\"noopener noreferrer\">Qui\u0301mica fi\u0301sica del ambiente y de los procesos medioambientales<\/a><strong> \/ Juan E. Figueruelo, Mart\u00edn Marino D\u00e1vila.<\/strong><\/li>\n<li><a href=\"https:\/\/buc-ule.primo.exlibrisgroup.com\/permalink\/34BUC_ULE\/jlb2a8\/alma991007670969705772\" target=\"_blank\" rel=\"noopener noreferrer\">Qu\u00edmica general : principios y aplicaciones modernas<\/a><strong> \/ Ralph H. Petrucci. <\/strong><strong>\u00a0<\/strong><\/li>\n<li><a href=\"https:\/\/catoute.unileon.es\/permalink\/34BUC_ULE\/7b676\/alma991005054129705772\" target=\"_blank\" rel=\"noopener noreferrer\">Qu\u00edmica: la ciencia central<\/a>\u00a0 <strong>(11 ed.) \/ Theodore L. Brown.<\/strong><\/li>\n<li><a href=\"https:\/\/catoute.unileon.es\/permalink\/34BUC_ULE\/fj2rcr\/alma991003134579705772\" target=\"_blank\" rel=\"noopener noreferrer\">Qu\u00edmica: la ciencia central<\/a> <strong>(12 ed.)<\/strong> <strong>\/ Theodore L. Brown.\u00a0\u00a0 <\/strong><\/li>\n<li><a href=\"https:\/\/catoute.unileon.es\/permalink\/34BUC_ULE\/7b676\/alma991007557609705772\" target=\"_blank\" rel=\"noopener noreferrer\">Qui\u0301mica orga\u0301nica<\/a> <strong>(6\u00aa ed.) \/ Francis A. Carey.\u00a0 <\/strong><\/li>\n<li><a href=\"https:\/\/catoute.unileon.es\/permalink\/34BUC_ULE\/7b676\/alma991004146129705772\" target=\"_blank\" rel=\"noopener noreferrer\">Qui\u0301mica orga\u0301nica<\/a><strong> (9\u00aa ed.) \/ Francis A. Carey, Robert M. Francis A. M.\u00a0\u00a0 <\/strong><\/li>\n<li><a href=\"https:\/\/buc-ule.primo.exlibrisgroup.com\/permalink\/34BUC_ULE\/4pbkoc\/alma991003641719705772\" target=\"_blank\" rel=\"noopener noreferrer\">Qu\u00edmica org\u00e1nica<\/a><strong> \/ L. G. Wade.<\/strong><strong>\u00a0 <\/strong><\/li>\n<li><a href=\"https:\/\/catoute.unileon.es\/permalink\/34BUC_ULE\/4pbkoc\/alma991004094259705772\" target=\"_blank\" rel=\"noopener noreferrer\">Qu\u00edmica org\u00e1nica<\/a><strong> \/ Paula Yurkanis Bruice.<\/strong><\/li>\n<li><a href=\"https:\/\/catoute.unileon.es\/permalink\/34BUC_ULE\/4pbkoc\/alma991001004919705772\" target=\"_blank\" rel=\"noopener noreferrer\">Termodin\u00e1mica qu\u00edmica y de los procesos irreversibles<\/a><strong> \/ Manuel Criado-Sancho y Jos\u00e9 Casas-Vazquez. <\/strong><\/li>\n<\/ul>\n<h2 style=\"text-align: center;\"><span style=\"color: #000000;\"><strong><u>Zoolog\u00eda<\/u><\/strong><\/span><\/h2>\n<ul>\n<li><a href=\"https:\/\/catoute.unileon.es\/permalink\/34BUC_ULE\/jlb2a8\/alma991001021279705772\" target=\"_blank\" rel=\"noopener noreferrer\">Biolog\u00eda marina<\/a><strong> \/ Peter Castro, Michael E. Huber. <\/strong><\/li>\n<li><a href=\"https:\/\/catoute.unileon.es\/permalink\/34BUC_ULE\/1h1oajr\/alma991004365529705772\" target=\"_blank\" rel=\"noopener noreferrer\">Ciencia y tecnolog\u00eda del animal de laboratorio: formaci\u00f3n avanzada de postgrado<\/a> <strong>\/ Jes\u00fas Mart\u00edn Z\u00fa\u00f1iga, Jos\u00e9 Mar\u00eda Orellana Muriana, Josep A. Tur Mar\u00ed.<\/strong><\/li>\n<li><a href=\"https:\/\/catoute.unileon.es\/permalink\/34BUC_ULE\/7b676\/alma991005959939705772\" target=\"_blank\" rel=\"noopener noreferrer\">Gestio\u0301n ecolo\u0301gica de recursos cinege\u0301ticos : gestio\u0301n de recursos biolo\u0301gicos<\/a> <strong>\u00a0(2\u00aa ed.) \/ Victoriano Peiro\u0301 Clavell .\u00a0 <\/strong><\/li>\n<li><a href=\"https:\/\/catoute.unileon.es\/permalink\/34BUC_ULE\/jlb2a8\/alma991000318679705772\" target=\"_blank\" rel=\"noopener noreferrer\">Principios de fisiolog\u00eda animal<\/a><strong> \/ Cristopher D. Moyes, Patrica M. Schulte.\u00a0 <\/strong><\/li>\n<li><a href=\"https:\/\/catoute.unileon.es\/permalink\/34BUC_ULE\/jlb2a8\/alma991005470859705772\" target=\"_blank\" rel=\"noopener noreferrer\">Principios integrales de zoolog\u00eda<\/a><strong> \/ Cleveland P. Hickman. <\/strong><\/li>\n<li><a href=\"https:\/\/catoute.unileon.es\/permalink\/34BUC_ULE\/jlb2a8\/alma991000272469705772\" target=\"_blank\" rel=\"noopener noreferrer\">Vertebrados : anatom\u00eda comparada, funci\u00f3n y evoluci\u00f3n<\/a><strong> \/ Kenneth V. Kardong. <\/strong><\/li>\n<\/ul>\n<h2 style=\"text-align: center;\"><span style=\"color: #000000;\"><strong><u>Otras materias<\/u><\/strong><\/span><\/h2>\n<ul>\n<li><a href=\"https:\/\/catoute.unileon.es\/permalink\/34BUC_ULE\/7b676\/alma991002373519705772\" target=\"_blank\" rel=\"noopener noreferrer\">Direccio\u0301n estrate\u0301gica de la innovacio\u0301n tecnolo\u0301gica<\/a><strong> \/ Melissa\u00a0 Schilling . <\/strong><\/li>\n<li><a href=\"https:\/\/catoute.unileon.es\/permalink\/34BUC_ULE\/7b676\/alma991003194479705772\" target=\"_blank\" rel=\"noopener noreferrer\">E\u0301tica y experimentacio\u0301n con seres humanos<\/a><strong> \/ David Rodri\u0301guez-Arias Vailhen, ed. lit.,\u00a0 Gr\u00e9goire Moutel,\u00a0 lit., Christian Herve\u0301, ed. lit.\u00a0 <\/strong><\/li>\n<li><a href=\"https:\/\/buc-ule.primo.exlibrisgroup.com\/permalink\/34BUC_ULE\/4pbkoc\/alma991008017579705772\" target=\"_blank\" rel=\"noopener noreferrer\">Farmacolog\u00eda b\u00e1sica y cl\u00ednica<\/a><strong> \/ B. Lorenzo-Vel\u00e1zquez.\u00a0 <\/strong><\/li>\n<li><a href=\"https:\/\/buc-ule.primo.exlibrisgroup.com\/permalink\/34BUC_ULE\/4pbkoc\/alma991004466419705772\" target=\"_blank\" rel=\"noopener noreferrer\">Goodman &amp; Gilman las bases farmacol\u00f3gicas de la terap\u00e9utica<\/a><strong> \/ Laurence L. Brunton.\u00a0\u00a0 <\/strong><\/li>\n<li><a href=\"https:\/\/catoute.unileon.es\/permalink\/34BUC_ULE\/7b676\/alma991004379149705772\" target=\"_blank\" rel=\"noopener noreferrer\">Instrumentacio\u0301n industrial<\/a><strong> \/ Antonio Creus Sole\u0301.\u00a0 <\/strong><\/li>\n<li><a href=\"https:\/\/catoute.unileon.es\/permalink\/34BUC_ULE\/7b676\/alma991003843759705772\" target=\"_blank\" rel=\"noopener noreferrer\">El peso de la conciencia : la objecio\u0301n en el ejercicio de las profesiones sanitarias<\/a><strong> \/\u00a0 Rosana Trivin\u0303o Caballero. <\/strong><\/li>\n<li><a href=\"https:\/\/catoute.unileon.es\/permalink\/34BUC_ULE\/7b676\/alma991003573379705772\" target=\"_blank\" rel=\"noopener noreferrer\">La proteccio\u0301n de la salud en tiempos de crisis : nuevos retos del bioderecho en una sociedad plural<\/a><strong> \/ Ana Ferna\u0301ndez-Coronado Gonza\u0301lez, dir.\u00a0 Salvador Pe\u0301rez A\u0301lvarez, dir. coaut.\u00a0 <\/strong><\/li>\n<li><a href=\"https:\/\/catoute.unileon.es\/permalink\/34BUC_ULE\/7b676\/alma991002183089705772\" target=\"_blank\" rel=\"noopener noreferrer\">Te\u0301cnicas de prevencio\u0301n de riesgos laborales : seguridad e higiene del trabajo<\/a><strong> \/ Jos\u00e9 Mar\u00eda Corte\u0301s Di\u0301az . <\/strong><\/li>\n<\/ul>\n<p>&nbsp;<\/p>\n<p>&nbsp;<\/p>\n<p>Fecha de actualizaci\u00f3n: Abril 2021<\/p>\n\n<!-- This is the start of the WP Twitter Button code -->\n<div id=\"rk_wp_twitter_button\" style=\"margin: 0px 0px 0px 0px; float: left\"><a href=\"http:\/\/twitter.com\/share\" class=\"twitter-share-button\" data-url=\"https:\/\/bibliotecas.unileon.es\/ciencias-biologicas-ambientales\/nuestros-libros-electronicos\/\" data-count=\"horizontal\">Tweet<\/a><script type=\"text\/javascript\" src=\"http:\/\/platform.twitter.com\/widgets.js\"><\/script><\/div>\n<!-- This is the end of the WP Twitter Button code -->\n\n","protected":false},"excerpt":{"rendered":"<p>Puedes descargar tambi\u00e9n este listado en\u00a0 PDF Instrucciones de acceso a las plataformas de ebooks y tutoriales en formato\u00a0 PDF Biolog\u00eda y Medio Ambiente Agenda de campo de suelos : informacio\u0301n de suelos para la agricultura y el medio ambiente &hellip; <a href=\"https:\/\/bibliotecas.unileon.es\/ciencias-biologicas-ambientales\/nuestros-libros-electronicos\/\">Sigue leyendo <span class=\"meta-nav\">&rarr;<\/span><\/a><\/p>\n","protected":false},"author":21,"featured_media":0,"parent":0,"menu_order":0,"comment_status":"closed","ping_status":"closed","template":"","meta":{"_bbp_topic_count":0,"_bbp_reply_count":0,"_bbp_total_topic_count":0,"_bbp_total_reply_count":0,"_bbp_voice_count":0,"_bbp_anonymous_reply_count":0,"_bbp_topic_count_hidden":0,"_bbp_reply_count_hidden":0,"_bbp_forum_subforum_count":0,"footnotes":""},"class_list":["post-921","page","type-page","status-publish","hentry"],"_links":{"self":[{"href":"https:\/\/bibliotecas.unileon.es\/ciencias-biologicas-ambientales\/wp-json\/wp\/v2\/pages\/921","targetHints":{"allow":["GET"]}}],"collection":[{"href":"https:\/\/bibliotecas.unileon.es\/ciencias-biologicas-ambientales\/wp-json\/wp\/v2\/pages"}],"about":[{"href":"https:\/\/bibliotecas.unileon.es\/ciencias-biologicas-ambientales\/wp-json\/wp\/v2\/types\/page"}],"author":[{"embeddable":true,"href":"https:\/\/bibliotecas.unileon.es\/ciencias-biologicas-ambientales\/wp-json\/wp\/v2\/users\/21"}],"replies":[{"embeddable":true,"href":"https:\/\/bibliotecas.unileon.es\/ciencias-biologicas-ambientales\/wp-json\/wp\/v2\/comments?post=921"}],"version-history":[{"count":4,"href":"https:\/\/bibliotecas.unileon.es\/ciencias-biologicas-ambientales\/wp-json\/wp\/v2\/pages\/921\/revisions"}],"predecessor-version":[{"id":1195,"href":"https:\/\/bibliotecas.unileon.es\/ciencias-biologicas-ambientales\/wp-json\/wp\/v2\/pages\/921\/revisions\/1195"}],"wp:attachment":[{"href":"https:\/\/bibliotecas.unileon.es\/ciencias-biologicas-ambientales\/wp-json\/wp\/v2\/media?parent=921"}],"curies":[{"name":"wp","href":"https:\/\/api.w.org\/{rel}","templated":true}]}}