{"version":"1.0","provider_name":"tULEctura","provider_url":"https:\/\/bibliotecas.unileon.es\/tULEctura","author_name":"tULEctura","author_url":"https:\/\/bibliotecas.unileon.es\/tULEctura\/author\/buua1\/","title":"Jornadas de la RIUL sobre la Literatura Actual - tULEctura","type":"rich","width":600,"height":338,"html":"<blockquote class=\"wp-embedded-content\" data-secret=\"imHeWihOlS\"><a href=\"https:\/\/bibliotecas.unileon.es\/tULEctura\/2013\/10\/16\/jornadas-de-la-riul-sobre-la-literatura-actual\/\">Jornadas de la RIUL sobre la Literatura Actual<\/a><\/blockquote><iframe sandbox=\"allow-scripts\" security=\"restricted\" src=\"https:\/\/bibliotecas.unileon.es\/tULEctura\/2013\/10\/16\/jornadas-de-la-riul-sobre-la-literatura-actual\/embed\/#?secret=imHeWihOlS\" width=\"600\" height=\"338\" title=\"\u00abJornadas de la RIUL sobre la Literatura Actual\u00bb \u2014 tULEctura\" data-secret=\"imHeWihOlS\" frameborder=\"0\" marginwidth=\"0\" marginheight=\"0\" scrolling=\"no\" class=\"wp-embedded-content\"><\/iframe><script type=\"text\/javascript\">\n\/* <![CDATA[ *\/\n\/*! This file is auto-generated *\/\n!function(d,l){\"use strict\";l.querySelector&&d.addEventListener&&\"undefined\"!=typeof URL&&(d.wp=d.wp||{},d.wp.receiveEmbedMessage||(d.wp.receiveEmbedMessage=function(e){var t=e.data;if((t||t.secret||t.message||t.value)&&!\/[^a-zA-Z0-9]\/.test(t.secret)){for(var s,r,n,a=l.querySelectorAll('iframe[data-secret=\"'+t.secret+'\"]'),o=l.querySelectorAll('blockquote[data-secret=\"'+t.secret+'\"]'),c=new RegExp(\"^https?:$\",\"i\"),i=0;i<o.length;i++)o[i].style.display=\"none\";for(i=0;i<a.length;i++)s=a[i],e.source===s.contentWindow&&(s.removeAttribute(\"style\"),\"height\"===t.message?(1e3<(r=parseInt(t.value,10))?r=1e3:~~r<200&&(r=200),s.height=r):\"link\"===t.message&&(r=new URL(s.getAttribute(\"src\")),n=new URL(t.value),c.test(n.protocol))&&n.host===r.host&&l.activeElement===s&&(d.top.location.href=t.value))}},d.addEventListener(\"message\",d.wp.receiveEmbedMessage,!1),l.addEventListener(\"DOMContentLoaded\",function(){for(var e,t,s=l.querySelectorAll(\"iframe.wp-embedded-content\"),r=0;r<s.length;r++)(t=(e=s[r]).getAttribute(\"data-secret\"))||(t=Math.random().toString(36).substring(2,12),e.src+=\"#?secret=\"+t,e.setAttribute(\"data-secret\",t)),e.contentWindow.postMessage({message:\"ready\",secret:t},\"*\")},!1)))}(window,document);\n\/* ]]> *\/\n<\/script>\n","description":"Durante los d\u00edas 17 y 18 de octubre de 2013 tendr\u00e1n lugar las primeras \u00a0Jornadas de la Red Internacional de las Universidades Lectoras que se celebren la Universidad de Le\u00f3n. En ellas se abordar\u00e1 el objetivo de constatar la evoluci\u00f3n y el estado de la cuesti\u00f3n de la literatura actual en sus diversas manifestaciones y [&hellip;]"}